{"id":36,"date":"2021-10-26T09:13:34","date_gmt":"2021-10-26T09:13:34","guid":{"rendered":"https:\/\/grupomarvilogistica.com\/?page_id=36"},"modified":"2025-12-26T10:22:53","modified_gmt":"2025-12-26T10:22:53","slug":"contacto-2","status":"publish","type":"page","link":"https:\/\/grupomarvilogistica.com\/en\/contacto-2\/","title":{"rendered":"Contact"},"content":{"rendered":"<div data-elementor-type=\"wp-page\" data-elementor-id=\"36\" class=\"elementor elementor-36\">\n\t\t\t\t\t\t<section class=\"elementor-section elementor-top-section elementor-element elementor-element-40dab2bd elementor-section-boxed elementor-section-height-default elementor-section-height-default\" data-id=\"40dab2bd\" data-element_type=\"section\" data-e-type=\"section\">\n\t\t\t\t\t\t<div class=\"elementor-container elementor-column-gap-default\">\n\t\t\t\t\t\t<\/div>\n\t\t<\/section>\n\t\t\t\t<section class=\"elementor-section elementor-top-section elementor-element elementor-element-727d0167 elementor-section-boxed elementor-section-height-default elementor-section-height-default\" data-id=\"727d0167\" data-element_type=\"section\" data-e-type=\"section\">\n\t\t\t\t\t\t<div class=\"elementor-container elementor-column-gap-default\">\n\t\t\t\t\t\t<\/div>\n\t\t<\/section>\n\t\t\t\t<section class=\"elementor-section elementor-top-section elementor-element elementor-element-59f3d325 elementor-section-boxed elementor-section-height-default elementor-section-height-default\" data-id=\"59f3d325\" data-element_type=\"section\" data-e-type=\"section\">\n\t\t\t\t\t\t<div class=\"elementor-container elementor-column-gap-default\">\n\t\t\t\t\t\t<\/div>\n\t\t<\/section>\n\t\t\t\t<section class=\"elementor-section elementor-top-section elementor-element elementor-element-42d5468e elementor-section-boxed elementor-section-height-default elementor-section-height-default\" data-id=\"42d5468e\" data-element_type=\"section\" data-e-type=\"section\">\n\t\t\t\t\t\t<div class=\"elementor-container elementor-column-gap-default\">\n\t\t\t\t\t\t<\/div>\n\t\t<\/section>\n\t\t\t\t<section class=\"elementor-section elementor-top-section elementor-element elementor-element-57657fd2 elementor-section-boxed elementor-section-height-default elementor-section-height-default\" data-id=\"57657fd2\" data-element_type=\"section\" data-e-type=\"section\">\n\t\t\t\t\t\t<div class=\"elementor-container elementor-column-gap-default\">\n\t\t\t\t\t<div class=\"elementor-column elementor-col-100 elementor-top-column elementor-element elementor-element-400b771c\" data-id=\"400b771c\" data-element_type=\"column\" data-e-type=\"column\">\n\t\t\t<div class=\"elementor-widget-wrap elementor-element-populated\">\n\t\t\t\t\t\t<div class=\"elementor-element elementor-element-612b445f elementor-widget elementor-widget-heading\" data-id=\"612b445f\" data-element_type=\"widget\" data-e-type=\"widget\" data-widget_type=\"heading.default\">\n\t\t\t\t<div class=\"elementor-widget-container\">\n\t\t\t\t\t<h2 class=\"elementor-heading-title elementor-size-large\">Visit us in Vigo and O Porri\u00f1o<\/h2>\t\t\t\t<\/div>\n\t\t\t\t<\/div>\n\t\t\t\t<div class=\"elementor-element elementor-element-6ff3db8e elementor-widget-divider--view-line elementor-widget elementor-widget-divider\" data-id=\"6ff3db8e\" data-element_type=\"widget\" data-e-type=\"widget\" data-widget_type=\"divider.default\">\n\t\t\t\t<div class=\"elementor-widget-container\">\n\t\t\t\t\t\t\t<div class=\"elementor-divider\">\n\t\t\t<span class=\"elementor-divider-separator\">\n\t\t\t\t\t\t<\/span>\n\t\t<\/div>\n\t\t\t\t\t\t<\/div>\n\t\t\t\t<\/div>\n\t\t\t\t<div class=\"elementor-element elementor-element-1ffbfa71 elementor-widget elementor-widget-text-editor\" data-id=\"1ffbfa71\" data-element_type=\"widget\" data-e-type=\"widget\" data-widget_type=\"text-editor.default\">\n\t\t\t\t<div class=\"elementor-widget-container\">\n\t\t\t\t\t\t\t\t\t<p class=\"translation-block\">We operate two industrial warehouses of 2,000 m\u00b2 each, strategically located to provide efficient logistics services in the Vigo area. One of them is situated in the Pol\u00edgono do Caramuxo (Vigo), a key location due to its proximity to the port and the main access routes to the city. The second warehouse is located on PO-510, km 87, O Porri\u00f1o, with excellent connections to major communication routes, allowing us to optimize time and costs in storage and distribution operations.<\/p>\t\t\t\t\t\t\t\t<\/div>\n\t\t\t\t<\/div>\n\t\t\t\t\t<\/div>\n\t\t<\/div>\n\t\t\t\t\t<\/div>\n\t\t<\/section>\n\t\t\t\t<section class=\"elementor-section elementor-top-section elementor-element elementor-element-97a6627 elementor-section-full_width elementor-section-height-min-height elementor-section-items-stretch elementor-section-content-middle elementor-section-height-default\" data-id=\"97a6627\" data-element_type=\"section\" data-e-type=\"section\" data-settings=\"{&quot;background_background&quot;:&quot;classic&quot;}\">\n\t\t\t\t\t\t\t<div class=\"elementor-background-overlay\"><\/div>\n\t\t\t\t\t\t\t<div class=\"elementor-container elementor-column-gap-default\">\n\t\t\t\t\t<div class=\"elementor-column elementor-col-100 elementor-top-column elementor-element elementor-element-7c12710a\" data-id=\"7c12710a\" data-element_type=\"column\" data-e-type=\"column\" data-settings=\"{&quot;background_background&quot;:&quot;classic&quot;}\">\n\t\t\t<div class=\"elementor-widget-wrap elementor-element-populated\">\n\t\t\t\t\t\t<section class=\"elementor-section elementor-inner-section elementor-element elementor-element-7833d561 elementor-section-full_width elementor-section-height-default elementor-section-height-default\" data-id=\"7833d561\" data-element_type=\"section\" data-e-type=\"section\" data-settings=\"{&quot;background_background&quot;:&quot;classic&quot;}\">\n\t\t\t\t\t\t<div class=\"elementor-container elementor-column-gap-wide\">\n\t\t\t\t\t<div class=\"elementor-column elementor-col-33 elementor-inner-column elementor-element elementor-element-4e2867c2\" data-id=\"4e2867c2\" data-element_type=\"column\" data-e-type=\"column\" data-settings=\"{&quot;background_background&quot;:&quot;none&quot;}\">\n\t\t\t<div class=\"elementor-widget-wrap elementor-element-populated\">\n\t\t\t\t\t\t<div class=\"elementor-element elementor-element-13ab6cab elementor-position-inline-start elementor-view-default elementor-mobile-position-block-start elementor-widget elementor-widget-icon-box\" data-id=\"13ab6cab\" data-element_type=\"widget\" data-e-type=\"widget\" data-widget_type=\"icon-box.default\">\n\t\t\t\t<div class=\"elementor-widget-container\">\n\t\t\t\t\t\t\t<div class=\"elementor-icon-box-wrapper\">\n\n\t\t\t\t\t\t<div class=\"elementor-icon-box-icon\">\n\t\t\t\t<a href=\"https:\/\/www.google.com\/maps\/place\/Marvi+Logistica+S.L.\/@42.205578,-8.7591017,17z\/data=!3m1!4b1!4m5!3m4!1s0xd258a1ac29e3467:0xac76d2c9efc3a7ab!8m2!3d42.205574!4d-8.756913\" target=\"_blank\" class=\"elementor-icon\" tabindex=\"-1\" aria-label=\"Vigo\">\n\t\t\t\t<i aria-hidden=\"true\" class=\"fas fa-map-marker-alt\"><\/i>\t\t\t\t<\/a>\n\t\t\t<\/div>\n\t\t\t\n\t\t\t\t\t\t<div class=\"elementor-icon-box-content\">\n\n\t\t\t\t\t\t\t\t\t<h3 class=\"elementor-icon-box-title\">\n\t\t\t\t\t\t<a href=\"https:\/\/www.google.com\/maps\/place\/Marvi+Logistica+S.L.\/@42.205578,-8.7591017,17z\/data=!3m1!4b1!4m5!3m4!1s0xd258a1ac29e3467:0xac76d2c9efc3a7ab!8m2!3d42.205574!4d-8.756913\" target=\"_blank\" >\n\t\t\t\t\t\t\tVigo\t\t\t\t\t\t<\/a>\n\t\t\t\t\t<\/h3>\n\t\t\t\t\n\t\t\t\t\n\t\t\t<\/div>\n\t\t\t\n\t\t<\/div>\n\t\t\t\t\t\t<\/div>\n\t\t\t\t<\/div>\n\t\t\t\t<div class=\"elementor-element elementor-element-5e1c117c elementor-widget elementor-widget-text-editor\" data-id=\"5e1c117c\" data-element_type=\"widget\" data-e-type=\"widget\" data-widget_type=\"text-editor.default\">\n\t\t\t\t<div class=\"elementor-widget-container\">\n\t\t\t\t\t\t\t\t\t<p>R\u00faa do Caramuxo 40-44 36213 Vigo, Pontevedra<\/p>\t\t\t\t\t\t\t\t<\/div>\n\t\t\t\t<\/div>\n\t\t\t\t<div class=\"elementor-element elementor-element-38145d30 elementor-mobile-align-center elementor-icon-list--layout-traditional elementor-list-item-link-full_width elementor-widget elementor-widget-icon-list\" data-id=\"38145d30\" data-element_type=\"widget\" data-e-type=\"widget\" data-widget_type=\"icon-list.default\">\n\t\t\t\t<div class=\"elementor-widget-container\">\n\t\t\t\t\t\t\t<ul class=\"elementor-icon-list-items\">\n\t\t\t\t\t\t\t<li class=\"elementor-icon-list-item\">\n\t\t\t\t\t\t\t\t\t\t\t<span class=\"elementor-icon-list-icon\">\n\t\t\t\t\t\t\t<i aria-hidden=\"true\" class=\"fas fa-phone-square\"><\/i>\t\t\t\t\t\t<\/span>\n\t\t\t\t\t\t\t\t\t\t<span class=\"elementor-icon-list-text\">+34 986 408 272<\/span>\n\t\t\t\t\t\t\t\t\t<\/li>\n\t\t\t\t\t\t<\/ul>\n\t\t\t\t\t\t<\/div>\n\t\t\t\t<\/div>\n\t\t\t\t\t<\/div>\n\t\t<\/div>\n\t\t\t\t<div class=\"elementor-column elementor-col-33 elementor-inner-column elementor-element elementor-element-264028d8\" data-id=\"264028d8\" data-element_type=\"column\" data-e-type=\"column\" data-settings=\"{&quot;background_background&quot;:&quot;none&quot;}\">\n\t\t\t<div class=\"elementor-widget-wrap\">\n\t\t\t\t\t\t\t<\/div>\n\t\t<\/div>\n\t\t\t\t<div class=\"elementor-column elementor-col-33 elementor-inner-column elementor-element elementor-element-46ec0b0a\" data-id=\"46ec0b0a\" data-element_type=\"column\" data-e-type=\"column\" data-settings=\"{&quot;background_background&quot;:&quot;none&quot;}\">\n\t\t\t<div class=\"elementor-widget-wrap elementor-element-populated\">\n\t\t\t\t\t\t<div class=\"elementor-element elementor-element-579d4c0b elementor-position-inline-start elementor-widget__width-initial elementor-view-default elementor-mobile-position-block-start elementor-widget elementor-widget-icon-box\" data-id=\"579d4c0b\" data-element_type=\"widget\" data-e-type=\"widget\" data-widget_type=\"icon-box.default\">\n\t\t\t\t<div class=\"elementor-widget-container\">\n\t\t\t\t\t\t\t<div class=\"elementor-icon-box-wrapper\">\n\n\t\t\t\t\t\t<div class=\"elementor-icon-box-icon\">\n\t\t\t\t<a href=\"https:\/\/maps.app.goo.gl\/wGsLER7c5UHwdtaS8?g_st=ipc\" target=\"_blank\" class=\"elementor-icon\" tabindex=\"-1\" aria-label=\"O Porri\u00f1o\">\n\t\t\t\t<i aria-hidden=\"true\" class=\"fas fa-map-marker-alt\"><\/i>\t\t\t\t<\/a>\n\t\t\t<\/div>\n\t\t\t\n\t\t\t\t\t\t<div class=\"elementor-icon-box-content\">\n\n\t\t\t\t\t\t\t\t\t<h3 class=\"elementor-icon-box-title\">\n\t\t\t\t\t\t<a href=\"https:\/\/maps.app.goo.gl\/wGsLER7c5UHwdtaS8?g_st=ipc\" target=\"_blank\" >\n\t\t\t\t\t\t\tO Porri\u00f1o\t\t\t\t\t\t<\/a>\n\t\t\t\t\t<\/h3>\n\t\t\t\t\n\t\t\t\t\n\t\t\t<\/div>\n\t\t\t\n\t\t<\/div>\n\t\t\t\t\t\t<\/div>\n\t\t\t\t<\/div>\n\t\t\t\t<div class=\"elementor-element elementor-element-4803d56b elementor-widget elementor-widget-text-editor\" data-id=\"4803d56b\" data-element_type=\"widget\" data-e-type=\"widget\" data-widget_type=\"text-editor.default\">\n\t\t\t\t<div class=\"elementor-widget-container\">\n\t\t\t\t\t\t\t\t\t<p>\u00a0<\/p><p>PO-510, 87, 36418 O Porri\u00f1o, Pontevedra<\/p>\t\t\t\t\t\t\t\t<\/div>\n\t\t\t\t<\/div>\n\t\t\t\t<div class=\"elementor-element elementor-element-25dd3aab elementor-mobile-align-center elementor-icon-list--layout-traditional elementor-list-item-link-full_width elementor-widget elementor-widget-icon-list\" data-id=\"25dd3aab\" data-element_type=\"widget\" data-e-type=\"widget\" data-widget_type=\"icon-list.default\">\n\t\t\t\t<div class=\"elementor-widget-container\">\n\t\t\t\t\t\t\t<ul class=\"elementor-icon-list-items\">\n\t\t\t\t\t\t\t<li class=\"elementor-icon-list-item\">\n\t\t\t\t\t\t\t\t\t\t\t<span class=\"elementor-icon-list-icon\">\n\t\t\t\t\t\t\t<i aria-hidden=\"true\" class=\"fas fa-phone-square\"><\/i>\t\t\t\t\t\t<\/span>\n\t\t\t\t\t\t\t\t\t\t<span class=\"elementor-icon-list-text\">+34 986 212 814<\/span>\n\t\t\t\t\t\t\t\t\t<\/li>\n\t\t\t\t\t\t<\/ul>\n\t\t\t\t\t\t<\/div>\n\t\t\t\t<\/div>\n\t\t\t\t\t<\/div>\n\t\t<\/div>\n\t\t\t\t\t<\/div>\n\t\t<\/section>\n\t\t\t\t\t<\/div>\n\t\t<\/div>\n\t\t\t\t\t<\/div>\n\t\t<\/section>\n\t\t\t\t<section class=\"elementor-section elementor-top-section elementor-element elementor-element-48e1cbbc elementor-section-full_width elementor-section-content-middle elementor-section-height-default elementor-section-height-default\" data-id=\"48e1cbbc\" data-element_type=\"section\" data-e-type=\"section\">\n\t\t\t\t\t\t<div class=\"elementor-container elementor-column-gap-no\">\n\t\t\t\t\t<div class=\"elementor-column elementor-col-50 elementor-top-column elementor-element elementor-element-3fe56fc0\" data-id=\"3fe56fc0\" data-element_type=\"column\" data-e-type=\"column\">\n\t\t\t<div class=\"elementor-widget-wrap elementor-element-populated\">\n\t\t\t\t\t\t<div class=\"elementor-element elementor-element-3009ee2e elementor-widget elementor-widget-heading\" data-id=\"3009ee2e\" data-element_type=\"widget\" data-e-type=\"widget\" data-widget_type=\"heading.default\">\n\t\t\t\t<div class=\"elementor-widget-container\">\n\t\t\t\t\t<h3 class=\"elementor-heading-title elementor-size-large\">Head office<\/h3>\t\t\t\t<\/div>\n\t\t\t\t<\/div>\n\t\t\t\t<div class=\"elementor-element elementor-element-592abd2c elementor-icon-list--layout-traditional elementor-list-item-link-full_width elementor-widget elementor-widget-icon-list\" data-id=\"592abd2c\" data-element_type=\"widget\" data-e-type=\"widget\" data-widget_type=\"icon-list.default\">\n\t\t\t\t<div class=\"elementor-widget-container\">\n\t\t\t\t\t\t\t<ul class=\"elementor-icon-list-items\">\n\t\t\t\t\t\t\t<li class=\"elementor-icon-list-item\">\n\t\t\t\t\t\t\t\t\t\t\t<span class=\"elementor-icon-list-icon\">\n\t\t\t\t\t\t\t<i aria-hidden=\"true\" class=\"fas fa-home\"><\/i>\t\t\t\t\t\t<\/span>\n\t\t\t\t\t\t\t\t\t\t<span class=\"elementor-icon-list-text\">Rua do Caramuxo 40, 36213 Vigo, PO<\/span>\n\t\t\t\t\t\t\t\t\t<\/li>\n\t\t\t\t\t\t\t\t<li class=\"elementor-icon-list-item\">\n\t\t\t\t\t\t\t\t\t\t\t<span class=\"elementor-icon-list-icon\">\n\t\t\t\t\t\t\t<i aria-hidden=\"true\" class=\"fas fa-phone-square\"><\/i>\t\t\t\t\t\t<\/span>\n\t\t\t\t\t\t\t\t\t\t<span class=\"elementor-icon-list-text\">+34 986 408 272<\/span>\n\t\t\t\t\t\t\t\t\t<\/li>\n\t\t\t\t\t\t\t\t<li class=\"elementor-icon-list-item\">\n\t\t\t\t\t\t\t\t\t\t\t<span class=\"elementor-icon-list-icon\">\n\t\t\t\t\t\t\t<i aria-hidden=\"true\" class=\"fas fa-envelope\"><\/i>\t\t\t\t\t\t<\/span>\n\t\t\t\t\t\t\t\t\t\t<span class=\"elementor-icon-list-text\">ofilogistica@marvilogistica.com<\/span>\n\t\t\t\t\t\t\t\t\t<\/li>\n\t\t\t\t\t\t<\/ul>\n\t\t\t\t\t\t<\/div>\n\t\t\t\t<\/div>\n\t\t\t\t\t<\/div>\n\t\t<\/div>\n\t\t\t\t<div class=\"elementor-column elementor-col-50 elementor-top-column elementor-element elementor-element-131c5459\" data-id=\"131c5459\" data-element_type=\"column\" data-e-type=\"column\">\n\t\t\t<div class=\"elementor-widget-wrap elementor-element-populated\">\n\t\t\t\t\t\t<div class=\"elementor-element elementor-element-226ddabd elementor-widget elementor-widget-google_maps\" data-id=\"226ddabd\" data-element_type=\"widget\" data-e-type=\"widget\" data-widget_type=\"google_maps.default\">\n\t\t\t\t<div class=\"elementor-widget-container\">\n\t\t\t\t\t\t\t<div class=\"elementor-custom-embed\">\n\t\t\t<iframe loading=\"lazy\"\n\t\t\t\t\tsrc=\"https:\/\/maps.google.com\/maps?q=Rua%20Caramuxo%2040&#038;t=m&#038;z=10&#038;output=embed&#038;iwloc=near\"\n\t\t\t\t\ttitle=\"Rua Caramuxo 40\"\n\t\t\t\t\taria-label=\"Rua Caramuxo 40\"\n\t\t\t><\/iframe>\n\t\t<\/div>\n\t\t\t\t\t\t<\/div>\n\t\t\t\t<\/div>\n\t\t\t\t\t<\/div>\n\t\t<\/div>\n\t\t\t\t\t<\/div>\n\t\t<\/section>\n\t\t\t\t<\/div>","protected":false},"excerpt":{"rendered":"<p>Vis\u00edtanos en Vigo y O Porri\u00f1o Contamos con dos naves industriales de 2.000 m\u00b2 cada una, estrat\u00e9gicamente ubicadas para ofrecer un servicio log\u00edstico eficiente en el \u00e1rea de Vigo.\u00a0Una de ellas se encuentra en el Pol\u00edgono do Caramuxo (Vigo), un enclave clave por su proximidad al puerto y a los principales accesos de la ciudad.\u00a0La &hellip; <\/p>\n<p class=\"link-more\"><a href=\"https:\/\/grupomarvilogistica.com\/en\/contacto-2\/\" class=\"more-link\">Read more<span class=\"screen-reader-text\"> \u00abContacto\u00bb<\/span><\/a><\/p>","protected":false},"author":1,"featured_media":710,"parent":0,"menu_order":0,"comment_status":"closed","ping_status":"closed","template":"","meta":{"inspiro_hide_title":false,"footnotes":""},"class_list":["post-36","page","type-page","status-publish","has-post-thumbnail","hentry"],"yoast_head":"<!-- This site is optimized with the Yoast SEO plugin v27.5 - https:\/\/yoast.com\/product\/yoast-seo-wordpress\/ -->\n<title>Contacto - Marvi Log\u00edstica S.L<\/title>\n<meta name=\"description\" content=\"\u00a1Vis\u00edtanos! Entra en nuestra p\u00e1gina para contactar con nosotros. Te esperamos.\" \/>\n<meta name=\"robots\" content=\"index, follow, max-snippet:-1, max-image-preview:large, max-video-preview:-1\" \/>\n<link rel=\"canonical\" href=\"https:\/\/grupomarvilogistica.com\/en\/contacto-2\/\" \/>\n<meta property=\"og:locale\" content=\"en_GB\" \/>\n<meta property=\"og:type\" content=\"article\" \/>\n<meta property=\"og:title\" content=\"Contacto - Marvi Log\u00edstica S.L\" \/>\n<meta property=\"og:description\" content=\"\u00a1Vis\u00edtanos! Entra en nuestra p\u00e1gina para contactar con nosotros. Te esperamos.\" \/>\n<meta property=\"og:url\" content=\"https:\/\/grupomarvilogistica.com\/en\/contacto-2\/\" \/>\n<meta property=\"og:site_name\" content=\"Marvi Log\u00edstica S.L\" \/>\n<meta property=\"article:modified_time\" content=\"2025-12-26T10:22:53+00:00\" \/>\n<meta property=\"og:image\" content=\"https:\/\/grupomarvilogistica.com\/wp-content\/uploads\/2022\/03\/image0-2.jpeg\" \/>\n\t<meta property=\"og:image:width\" content=\"1125\" \/>\n\t<meta property=\"og:image:height\" content=\"625\" \/>\n\t<meta property=\"og:image:type\" content=\"image\/jpeg\" \/>\n<meta name=\"twitter:card\" content=\"summary_large_image\" \/>\n<meta name=\"twitter:label1\" content=\"Estimated reading time\" \/>\n\t<meta name=\"twitter:data1\" content=\"1 minute\" \/>\n<script type=\"application\/ld+json\" class=\"yoast-schema-graph\">{\"@context\":\"https:\\\/\\\/schema.org\",\"@graph\":[{\"@type\":\"WebPage\",\"@id\":\"https:\\\/\\\/grupomarvilogistica.com\\\/contacto-2\\\/\",\"url\":\"https:\\\/\\\/grupomarvilogistica.com\\\/contacto-2\\\/\",\"name\":\"Contacto - Marvi Log\u00edstica S.L\",\"isPartOf\":{\"@id\":\"https:\\\/\\\/grupomarvilogistica.com\\\/#website\"},\"primaryImageOfPage\":{\"@id\":\"https:\\\/\\\/grupomarvilogistica.com\\\/contacto-2\\\/#primaryimage\"},\"image\":{\"@id\":\"https:\\\/\\\/grupomarvilogistica.com\\\/contacto-2\\\/#primaryimage\"},\"thumbnailUrl\":\"https:\\\/\\\/grupomarvilogistica.com\\\/wp-content\\\/uploads\\\/2022\\\/03\\\/image0-2.jpeg\",\"datePublished\":\"2021-10-26T09:13:34+00:00\",\"dateModified\":\"2025-12-26T10:22:53+00:00\",\"description\":\"\u00a1Vis\u00edtanos! Entra en nuestra p\u00e1gina para contactar con nosotros. Te esperamos.\",\"breadcrumb\":{\"@id\":\"https:\\\/\\\/grupomarvilogistica.com\\\/contacto-2\\\/#breadcrumb\"},\"inLanguage\":\"en-GB\",\"potentialAction\":[{\"@type\":\"ReadAction\",\"target\":[\"https:\\\/\\\/grupomarvilogistica.com\\\/contacto-2\\\/\"]}]},{\"@type\":\"ImageObject\",\"inLanguage\":\"en-GB\",\"@id\":\"https:\\\/\\\/grupomarvilogistica.com\\\/contacto-2\\\/#primaryimage\",\"url\":\"https:\\\/\\\/grupomarvilogistica.com\\\/wp-content\\\/uploads\\\/2022\\\/03\\\/image0-2.jpeg\",\"contentUrl\":\"https:\\\/\\\/grupomarvilogistica.com\\\/wp-content\\\/uploads\\\/2022\\\/03\\\/image0-2.jpeg\",\"width\":1125,\"height\":625},{\"@type\":\"BreadcrumbList\",\"@id\":\"https:\\\/\\\/grupomarvilogistica.com\\\/contacto-2\\\/#breadcrumb\",\"itemListElement\":[{\"@type\":\"ListItem\",\"position\":1,\"name\":\"Home\",\"item\":\"https:\\\/\\\/grupomarvilogistica.com\\\/\"},{\"@type\":\"ListItem\",\"position\":2,\"name\":\"Contacto\"}]},{\"@type\":\"WebSite\",\"@id\":\"https:\\\/\\\/grupomarvilogistica.com\\\/#website\",\"url\":\"https:\\\/\\\/grupomarvilogistica.com\\\/\",\"name\":\"Marvi Log\u00edstica S.L\",\"description\":\"Almac\u00e9n Log\u00edstico Avanzado\",\"potentialAction\":[{\"@type\":\"SearchAction\",\"target\":{\"@type\":\"EntryPoint\",\"urlTemplate\":\"https:\\\/\\\/grupomarvilogistica.com\\\/?s={search_term_string}\"},\"query-input\":{\"@type\":\"PropertyValueSpecification\",\"valueRequired\":true,\"valueName\":\"search_term_string\"}}],\"inLanguage\":\"en-GB\"}]}<\/script>\n<!-- \/ Yoast SEO plugin. -->","yoast_head_json":{"title":"Contacto - Marvi Log\u00edstica S.L","description":"\u00a1Vis\u00edtanos! Entra en nuestra p\u00e1gina para contactar con nosotros. Te esperamos.","robots":{"index":"index","follow":"follow","max-snippet":"max-snippet:-1","max-image-preview":"max-image-preview:large","max-video-preview":"max-video-preview:-1"},"canonical":"https:\/\/grupomarvilogistica.com\/en\/contacto-2\/","og_locale":"en_GB","og_type":"article","og_title":"Contacto - Marvi Log\u00edstica S.L","og_description":"\u00a1Vis\u00edtanos! Entra en nuestra p\u00e1gina para contactar con nosotros. Te esperamos.","og_url":"https:\/\/grupomarvilogistica.com\/en\/contacto-2\/","og_site_name":"Marvi Log\u00edstica S.L","article_modified_time":"2025-12-26T10:22:53+00:00","og_image":[{"width":1125,"height":625,"url":"https:\/\/grupomarvilogistica.com\/wp-content\/uploads\/2022\/03\/image0-2.jpeg","type":"image\/jpeg"}],"twitter_card":"summary_large_image","twitter_misc":{"Estimated reading time":"1 minute"},"schema":{"@context":"https:\/\/schema.org","@graph":[{"@type":"WebPage","@id":"https:\/\/grupomarvilogistica.com\/contacto-2\/","url":"https:\/\/grupomarvilogistica.com\/contacto-2\/","name":"Contacto - Marvi Log\u00edstica S.L","isPartOf":{"@id":"https:\/\/grupomarvilogistica.com\/#website"},"primaryImageOfPage":{"@id":"https:\/\/grupomarvilogistica.com\/contacto-2\/#primaryimage"},"image":{"@id":"https:\/\/grupomarvilogistica.com\/contacto-2\/#primaryimage"},"thumbnailUrl":"https:\/\/grupomarvilogistica.com\/wp-content\/uploads\/2022\/03\/image0-2.jpeg","datePublished":"2021-10-26T09:13:34+00:00","dateModified":"2025-12-26T10:22:53+00:00","description":"\u00a1Vis\u00edtanos! Entra en nuestra p\u00e1gina para contactar con nosotros. Te esperamos.","breadcrumb":{"@id":"https:\/\/grupomarvilogistica.com\/contacto-2\/#breadcrumb"},"inLanguage":"en-GB","potentialAction":[{"@type":"ReadAction","target":["https:\/\/grupomarvilogistica.com\/contacto-2\/"]}]},{"@type":"ImageObject","inLanguage":"en-GB","@id":"https:\/\/grupomarvilogistica.com\/contacto-2\/#primaryimage","url":"https:\/\/grupomarvilogistica.com\/wp-content\/uploads\/2022\/03\/image0-2.jpeg","contentUrl":"https:\/\/grupomarvilogistica.com\/wp-content\/uploads\/2022\/03\/image0-2.jpeg","width":1125,"height":625},{"@type":"BreadcrumbList","@id":"https:\/\/grupomarvilogistica.com\/contacto-2\/#breadcrumb","itemListElement":[{"@type":"ListItem","position":1,"name":"Home","item":"https:\/\/grupomarvilogistica.com\/"},{"@type":"ListItem","position":2,"name":"Contacto"}]},{"@type":"WebSite","@id":"https:\/\/grupomarvilogistica.com\/#website","url":"https:\/\/grupomarvilogistica.com\/","name":"Marvi Log\u00edstica S.L","description":"Advanced Logistics Warehouse","potentialAction":[{"@type":"SearchAction","target":{"@type":"EntryPoint","urlTemplate":"https:\/\/grupomarvilogistica.com\/?s={search_term_string}"},"query-input":{"@type":"PropertyValueSpecification","valueRequired":true,"valueName":"search_term_string"}}],"inLanguage":"en-GB"}]}},"_links":{"self":[{"href":"https:\/\/grupomarvilogistica.com\/en\/wp-json\/wp\/v2\/pages\/36","targetHints":{"allow":["GET"]}}],"collection":[{"href":"https:\/\/grupomarvilogistica.com\/en\/wp-json\/wp\/v2\/pages"}],"about":[{"href":"https:\/\/grupomarvilogistica.com\/en\/wp-json\/wp\/v2\/types\/page"}],"author":[{"embeddable":true,"href":"https:\/\/grupomarvilogistica.com\/en\/wp-json\/wp\/v2\/users\/1"}],"replies":[{"embeddable":true,"href":"https:\/\/grupomarvilogistica.com\/en\/wp-json\/wp\/v2\/comments?post=36"}],"version-history":[{"count":5,"href":"https:\/\/grupomarvilogistica.com\/en\/wp-json\/wp\/v2\/pages\/36\/revisions"}],"predecessor-version":[{"id":797,"href":"https:\/\/grupomarvilogistica.com\/en\/wp-json\/wp\/v2\/pages\/36\/revisions\/797"}],"wp:featuredmedia":[{"embeddable":true,"href":"https:\/\/grupomarvilogistica.com\/en\/wp-json\/wp\/v2\/media\/710"}],"wp:attachment":[{"href":"https:\/\/grupomarvilogistica.com\/en\/wp-json\/wp\/v2\/media?parent=36"}],"curies":[{"name":"wp","href":"https:\/\/api.w.org\/{rel}","templated":true}]}}